{"id":98,"date":"2020-02-04T17:06:38","date_gmt":"2020-02-04T16:06:38","guid":{"rendered":"http:\/\/alteridees.be\/?page_id=98"},"modified":"2025-09-12T13:39:48","modified_gmt":"2025-09-12T11:39:48","slug":"infos-pratiques","status":"publish","type":"page","link":"https:\/\/alteridees.be\/index.php\/infos-pratiques\/","title":{"rendered":"Infos pratiques"},"content":{"rendered":"\n<h3 class=\"wp-block-heading\"><strong><em>Dur\u00e9e&nbsp;d\u2019une m\u00e9diation ?<\/em><\/strong><\/h3>\n\n\n\n<ul class=\"wp-block-list\">\n<li>Dur\u00e9e d\u2019une s\u00e9ance de m\u00e9diation: <strong><em>entre 1h et 1h30<\/em><\/strong><\/li>\n\n\n\n<li>Dur\u00e9e du processus de m\u00e9diation\u00a0: <strong><em>variable, elle d\u00e9pend des m\u00e9di\u00e9s et des sujets \u00e0 aborder <\/em><\/strong>(le processus peut durer jusqu\u2019\u00e0 plusieurs mois)<\/li>\n<\/ul>\n\n\n\n<h3 class=\"wp-block-heading\"><strong><em>Nos tarifs&nbsp;? <\/em><\/strong><\/h3>\n\n\n\n<ul class=\"wp-block-list\">\n<li>M\u00e9diation familiale\u00a0: <strong><em>100\u20ac la s\u00e9ance (\u00e0 partager entre les participants) <\/em><\/strong><\/li>\n\n\n\n<li>M\u00e9diation civile, commerciale ou sociale\u00a0: <strong><em>100\u20ac \/ heure<\/em><\/strong><\/li>\n\n\n\n<li>Pour les ateliers et formations, des devis sont <strong>disponibles sur demande<\/strong> et en fonction de vos besoins. N\u2019h\u00e9sitez pas \u00e0 nous contacter via <a href=\"mailto:info@alteridees.be\">info@alteridees.be<\/a> <\/li>\n<\/ul>\n\n\n\n<h3 class=\"wp-block-heading\"><strong><em>Nous contacter<\/em><\/strong><\/h3>\n\n\n\n<h4 class=\"wp-block-heading\">Par e-mail&nbsp;\u00e0 <a href=\"mailto:info@alteridees.be\">info@alteridees.be<\/a> ou via notre page \u00ab\u00a0<a href=\"http:\/\/alteridees.be\/index.php\/qui-sommes-nous\/\">Qui sommes-nous?<\/a>\u00ab\u00a0<\/h4>\n\n\n\n<h4 class=\"wp-block-heading\">Nous vous accueillons \u00e0 diff\u00e9rents endroits sur <strong>Bruxelles<\/strong> et sur la r\u00e9gion du <strong>Luxembourg <\/strong>: <\/h4>\n\n\n\n<h4 class=\"wp-block-heading\">Avenue Commandant Lothaire, 59 \u00e0 1040 Etterbeek<\/h4>\n\n\n\n<iframe src=\"https:\/\/www.google.com\/maps\/embed?pb=!1m18!1m12!1m3!1d2520.157975285947!2d4.400224230927315!3d50.828237714053564!2m3!1f0!2f0!3f0!3m2!1i1024!2i768!4f13.1!3m3!1m2!1s0x47c3c4b4da8e2885%3A0x4490e09b90081900!2sAv.%20Commandant%20Lothaire%2059%2C%201040%20Etterbeek!5e0!3m2!1sfr!2sbe!4v1663250712027!5m2!1sfr!2sbe\" width=\"600\" height=\"450\" style=\"border:0;\" allowfullscreen=\"\" loading=\"lazy\" referrerpolicy=\"no-referrer-when-downgrade\"><\/iframe>\n\n\n\n<h4 class=\"wp-block-heading\">Avenue Jacques Brel, 34 \u00e0 1200 Woluw\u00e9-Saint-Lambert                                                                                                                                                                         <\/h4>\n\n\n\n<iframe src=\"https:\/\/www.google.com\/maps\/embed?pb=!1m18!1m12!1m3!1d2518.982755476555!2d4.4347717!3d50.8500036!2m3!1f0!2f0!3f0!3m2!1i1024!2i768!4f13.1!3m3!1m2!1s0x47c3dc9f52aa2df5%3A0x763fe139d1bb0e8!2sAvenue%20J.%20Brel%2034%2C%201200%20Woluwe-Saint-Lambert!5e0!3m2!1sfr!2sbe!4v1663248199037!5m2!1sfr!2sbe\" width=\"600\" height=\"450\" style=\"border:0;\" allowfullscreen=\"\" loading=\"lazy\" referrerpolicy=\"no-referrer-when-downgrade\"><\/iframe>\n\n\n\n<h4 class=\"wp-block-heading\"><strong>Avenue Hof ten Berg, 44 \u00e0 1200 Woluw\u00e9-Saint-Lambert  <\/strong><\/h4>\n\n\n\n<figure><figure><iframe loading=\"lazy\" src=\"https:\/\/www.google.com\/maps\/embed?\npb=!1m18!1m12!1m3!1d2518.5830396850542!2d4.438909215631648!3d50.85740507953359!2m3!1f0!2f0!3f0!3m2!1i1024!2i768!4f13.1!3m3!1m2!1s0x47c3dc972bd918c5%3A0x2d9e44af153cc7d7!2sAvenue%20Hof%20ten%20Berg%2044%2C%201200%20Woluwe-Saint-Lambert!5e0!3m2!1sfr!2sbe!4v1581025527259!5m2!1sfr!2sbe\" width=\"400\" height=\"300\" allowfullscreen=\"\"><\/iframe><\/figure><\/figure>\n\n\n\n<h4 class=\"wp-block-heading\"><\/h4>\n\n\n\n<h4 class=\"wp-block-heading\"><strong>4a schullerwee L-8358 Koerich<\/strong><\/h4>\n\n\n\n<iframe src=\"https:\/\/www.google.com\/maps\/embed?pb=!1m18!1m12!1m3!1d2582.188965406437!2d5.965437215703263!3d49.669579079375275!2m3!1f0!2f0!3f0!3m2!1i1024!2i768!4f13.1!3m3!1m2!1s0x47eab2dca73b5a7f%3A0x6acec159182036df!2s4a%20Schullerwee%2C%208358%20K%C3%A4erch%2C%20Luxembourg!5e0!3m2!1sfr!2sbe!4v1640944308435!5m2!1sfr!2sbe\" width=\"600\" height=\"450\" style=\"border:0;\" allowfullscreen=\"\" loading=\"lazy\"><\/iframe>\n","protected":false},"excerpt":{"rendered":"<p>Dur\u00e9e&nbsp;d\u2019une m\u00e9diation ? Nos tarifs&nbsp;? Nous contacter Par e-mail&nbsp;\u00e0 info@alteridees.be ou via notre page \u00ab\u00a0Qui sommes-nous?\u00ab\u00a0 Nous vous accueillons \u00e0 diff\u00e9rents endroits sur Bruxelles et sur la r\u00e9gion du Luxembourg : Avenue Commandant Lothaire, 59 \u00e0 1040 Etterbeek Avenue Jacques Brel, 34 \u00e0 1200 Woluw\u00e9-Saint-Lambert Avenue Hof ten Berg, 44 \u00e0 1200 Woluw\u00e9-Saint-Lambert 4a schullerwee &hellip;<\/p>\n","protected":false},"author":1,"featured_media":0,"parent":0,"menu_order":0,"comment_status":"closed","ping_status":"closed","template":"","meta":{"footnotes":""},"class_list":["post-98","page","type-page","status-publish","hentry"],"_links":{"self":[{"href":"https:\/\/alteridees.be\/index.php\/wp-json\/wp\/v2\/pages\/98","targetHints":{"allow":["GET"]}}],"collection":[{"href":"https:\/\/alteridees.be\/index.php\/wp-json\/wp\/v2\/pages"}],"about":[{"href":"https:\/\/alteridees.be\/index.php\/wp-json\/wp\/v2\/types\/page"}],"author":[{"embeddable":true,"href":"https:\/\/alteridees.be\/index.php\/wp-json\/wp\/v2\/users\/1"}],"replies":[{"embeddable":true,"href":"https:\/\/alteridees.be\/index.php\/wp-json\/wp\/v2\/comments?post=98"}],"version-history":[{"count":31,"href":"https:\/\/alteridees.be\/index.php\/wp-json\/wp\/v2\/pages\/98\/revisions"}],"predecessor-version":[{"id":563,"href":"https:\/\/alteridees.be\/index.php\/wp-json\/wp\/v2\/pages\/98\/revisions\/563"}],"wp:attachment":[{"href":"https:\/\/alteridees.be\/index.php\/wp-json\/wp\/v2\/media?parent=98"}],"curies":[{"name":"wp","href":"https:\/\/api.w.org\/{rel}","templated":true}]}}